{"id":191,"date":"2023-04-11T17:09:11","date_gmt":"2023-04-11T21:09:11","guid":{"rendered":"https:\/\/amblavana.esteri.it\/news\/"},"modified":"2023-07-25T08:10:01","modified_gmt":"2023-07-25T12:10:01","slug":"news","status":"publish","type":"page","link":"https:\/\/amblavana.esteri.it\/es\/news\/","title":{"rendered":"Noticias"},"content":{"rendered":"        <div class=\"row\">\n\t\t\t<!-- Ricerca sedi post -->\n\t\t\t<div class=\"col-12 mt-4\">\n\t\t\t  <div class=\"callout callout-highlight note ricerca-esteri p-4\">\n                    <div class=\"callout-title\">\n                        <svg class=\"icon\">\n                            <use xlink:href=\"https:\/\/amblavana.esteri.it\/wp-content\/themes\/sedi-tema\/assets\/svg\/sprites.svg#it-search\"><\/use>\n                        <\/svg>Introduzca sus par\u00e1metros de b\u00fasqueda                    <\/div>\n                    <form id=\"searchFormPost\" name=\"form-search-post\" class=\"form-row align-items-center\" action=\"https:\/\/amblavana.esteri.it\/es\/wp-json\/wp\/v2\/pages\/191\/\" method=\"GET\"> \n                        <!-- <div class=\"form-group pt-5\"> -->\n                            <!-- <input type=\"hidden\" id=\"lang\" name=\"lang\" value=\"\"> --> <!-- <\/div> -->\n\n                        <div class=\"it-datepicker-wrapper\">\n                            <div class=\"row\">\n                                <div class=\"form-group col-md-6\">\n                                    <label class=\"active\" for=\"date-init\">Desde el<\/label>\n                                    <input class=\"form-control\" name=\"date-init\" id=\"date-init\" type=\"date\" placeholder=\"gg\/mm\/aaaa\" value=\"\"lang=\"en-EN\">  \n                                <\/div>\n                                <div class=\"form-group col-md-6\">\n                                    <label class=\"active\" for=\"date-end\">Hacia<\/label>\n                                    <input class=\"form-control\" name=\"date-end\" id=\"date-end\" type=\"date\" placeholder=\"gg\/mm\/aaaa\" value=\"\">\n                                <\/div>\n                            <\/div>\n                        <\/div>\n                        <div class=\"form-group col-md-12 mt-3\">\n                            <label for=\"searchText\">Campo de b\u00fasqueda libre<\/label>\n                            <input type=\"text\" name=\"searchText\" class=\"form-control\" id=\"searchText\" value=\"\">\n                        <\/div>\n                        <div class=\"form-group col-md-4 offset-md-8 text-end\">\n                            <a href=\"https:\/\/amblavana.esteri.it\/es\/news\/\" title=\"Form reset\" id=\"resetImput\" class=\"btn btn-outline-primary btn-xs\">Reset<\/a>\n                            <button type=\"submit\" class=\"btn btn-primary btn-xs\">Mostrar resultados<\/button>\n                        <\/div>\n                    <\/form>\n\t\t\t\t<\/div>\n\t\t\t<\/div>\n\t\t<\/div>\n                    \n            <div class=\"row\">\n                            <div class=\"col-12 mt-3\">\n                <!--start card-->\n                <div class=\"card-wrapper card-space\">\n                    <div class=\"card card-bg card-big border-bottom-card\">\n                        <div class=\"card-body \">\n                                                        <div class=\"category-top\">\n                                                                                                            <span class=\"\">\n                                        <svg class=\"icon icon-secondary\">\n                                            <use xlink:href=\"https:\/\/amblavana.esteri.it\/wp-content\/themes\/sedi-tema\/assets\/svg\/sprites.svg#it-calendar\"><\/use>\n                                        <\/svg> 6 agosto 2026                                    <\/span>\n                                                                    <\/div>\n                            <h5 class=\"card-title big-heading text-uppercase\"><a class=\"text-body text-decoration-none\" href=\"https:\/\/amblavana.esteri.it\/es\/news\/dall_ambasciata\/2026\/08\/convocatoria-de-becas-del-gobierno-italiano-a-a-2026-2027-para-estudiantes-extranjeros-clasificacion\/\" title=\"CONVOCATORIA DE BECAS DEL GOBIERNO ITALIANO A.A. 2026-2027 PARA ESTUDIANTES EXTRANJEROS. CLASIFICACI\u00d3N\">CONVOCATORIA DE BECAS DEL GOBIERNO ITALIANO A.A. 2026-2027 PARA ESTUDIANTES EXTRANJEROS. CLASIFICACI\u00d3N<\/a><\/h5>\n                            <p class=\"card-text\">Se informa que se ha concluido el procedimiento de selecci\u00f3n para la asignaci\u00f3n de las becas de estudio ofrecidas por el Gobierno italiano relativo a la convocatoria publicada en este sitio el 13\/3\/2026. Sobre la base de las evaluaciones obtenidas de cada uno de los candidatos, fue elaborada la correspondiente lista de clasificaci\u00f3n, indicando ganadores.<\/p>\n                                <a title=\"CONVOCATORIA DE BECAS DEL GOBIERNO ITALIANO A.A. 2026-2027 PARA ESTUDIANTES EXTRANJEROS. CLASIFICACI\u00d3N\" class=\"read-more\" href=\"https:\/\/amblavana.esteri.it\/es\/news\/dall_ambasciata\/2026\/08\/convocatoria-de-becas-del-gobierno-italiano-a-a-2026-2027-para-estudiantes-extranjeros-clasificacion\/\">\n                                    <span class=\"text\">Lee mas<\/span>\n                                    <svg class=\"icon\">\n                                    <use xlink:href=\"https:\/\/amblavana.esteri.it\/wp-content\/themes\/sedi-tema\/assets\/svg\/sprites.svg#it-arrow-right\"><\/use>\n                                    <\/svg>\n                                <\/a>\n                                                    <\/div>\n                    <\/div>\n                <\/div>\n                <!--end card-->\n                <\/div><!-- col-12 .mt-3-->\n                            <div class=\"col-12 mt-3\">\n                <!--start card-->\n                <div class=\"card-wrapper card-space\">\n                    <div class=\"card card-bg card-big border-bottom-card\">\n                        <div class=\"card-body \">\n                                                        <div class=\"category-top\">\n                                                                                                            <span class=\"\">\n                                        <svg class=\"icon icon-secondary\">\n                                            <use xlink:href=\"https:\/\/amblavana.esteri.it\/wp-content\/themes\/sedi-tema\/assets\/svg\/sprites.svg#it-calendar\"><\/use>\n                                        <\/svg> 28 julio 2026                                    <\/span>\n                                                                    <\/div>\n                            <h5 class=\"card-title big-heading text-uppercase\"><a class=\"text-body text-decoration-none\" href=\"https:\/\/amblavana.esteri.it\/es\/news\/dall_ambasciata\/2026\/07\/avvio-del-servizio-per-lemissione-della-carta-didentita-elettronica-cie-presso-questa-ambasciata\/\" title=\"Puesta en marcha del servicio de expedici\u00f3n de la Cedula de Identidad Electr\u00f3nica (CIE) en esta Embajada\">Puesta en marcha del servicio de expedici\u00f3n de la Cedula de Identidad Electr\u00f3nica (CIE) en esta Embajada<\/a><\/h5>\n                            <p class=\"card-text\">Se informa al p\u00fablico que, a partir de hoy, es posible reservar una cita en esta Embajada para solicitar la expedici\u00f3n de la Cedula de Identidad Electr\u00f3nica (CIE). La CIE es el nuevo documento de identidad italiano en formato tarjeta. Adem\u00e1s de servir como documento de identificaci\u00f3n, permite acceder a los servicios en l\u00ednea de [&hellip;]<\/p>\n                                <a title=\"Puesta en marcha del servicio de expedici\u00f3n de la Cedula de Identidad Electr\u00f3nica (CIE) en esta Embajada\" class=\"read-more\" href=\"https:\/\/amblavana.esteri.it\/es\/news\/dall_ambasciata\/2026\/07\/avvio-del-servizio-per-lemissione-della-carta-didentita-elettronica-cie-presso-questa-ambasciata\/\">\n                                    <span class=\"text\">Lee mas<\/span>\n                                    <svg class=\"icon\">\n                                    <use xlink:href=\"https:\/\/amblavana.esteri.it\/wp-content\/themes\/sedi-tema\/assets\/svg\/sprites.svg#it-arrow-right\"><\/use>\n                                    <\/svg>\n                                <\/a>\n                                                    <\/div>\n                    <\/div>\n                <\/div>\n                <!--end card-->\n                <\/div><!-- col-12 .mt-3-->\n                            <div class=\"col-12 mt-3\">\n                <!--start card-->\n                <div class=\"card-wrapper card-space\">\n                    <div class=\"card card-bg card-big border-bottom-card\">\n                        <div class=\"card-body \">\n                                                        <div class=\"category-top\">\n                                                                                                            <span class=\"\">\n                                        <svg class=\"icon icon-secondary\">\n                                            <use xlink:href=\"https:\/\/amblavana.esteri.it\/wp-content\/themes\/sedi-tema\/assets\/svg\/sprites.svg#it-calendar\"><\/use>\n                                        <\/svg> 28 julio 2026                                    <\/span>\n                                                                    <\/div>\n                            <h5 class=\"card-title big-heading text-uppercase\"><a class=\"text-body text-decoration-none\" href=\"https:\/\/amblavana.esteri.it\/es\/news\/dall_ambasciata\/2026\/07\/convocatoria-publica-para-la-concesion-de-subvenciones-a-entidades-privadas-con-fines-de-mantenimiento-de-la-paz-y-la-seguridad-internacionales-asi-como-para-la-ejecucion-de-iniciativas-humanitarias\/\" title=\"Convocatoria p\u00fablica para la concesi\u00f3n de subvenciones a entidades privadas con fines de mantenimiento de la paz y la seguridad internacionales, as\u00ed como para la ejecuci\u00f3n de iniciativas humanitarias y de protecci\u00f3n de los derechos humanos.\">Convocatoria p\u00fablica para la concesi\u00f3n de subvenciones a entidades privadas con fines de mantenimiento de la paz y la seguridad internacionales, as\u00ed como para la ejecuci\u00f3n de iniciativas humanitarias y de protecci\u00f3n de los derechos humanos.<\/a><\/h5>\n                            <p class=\"card-text\">La Direcci\u00f3n General de Asuntos Pol\u00edticos y de Seguridad Internacional (DGAP), la Direcci\u00f3n General para \u00c1frica Subsahariana, Am\u00e9rica Latina, Asia y Ocean\u00eda (DGAAAO) y la Direcci\u00f3n General para Europa y la Pol\u00edtica Comercial Internacional (DGUE) del Ministerio de Asuntos Exteriores de Italia convocan tres convocatorias p\u00fablicas para la concesi\u00f3n de subvenciones a entidades privadas, italianas [&hellip;]<\/p>\n                                <a title=\"Convocatoria p\u00fablica para la concesi\u00f3n de subvenciones a entidades privadas con fines de mantenimiento de la paz y la seguridad internacionales, as\u00ed como para la ejecuci\u00f3n de iniciativas humanitarias y de protecci\u00f3n de los derechos humanos.\" class=\"read-more\" href=\"https:\/\/amblavana.esteri.it\/es\/news\/dall_ambasciata\/2026\/07\/convocatoria-publica-para-la-concesion-de-subvenciones-a-entidades-privadas-con-fines-de-mantenimiento-de-la-paz-y-la-seguridad-internacionales-asi-como-para-la-ejecucion-de-iniciativas-humanitarias\/\">\n                                    <span class=\"text\">Lee mas<\/span>\n                                    <svg class=\"icon\">\n                                    <use xlink:href=\"https:\/\/amblavana.esteri.it\/wp-content\/themes\/sedi-tema\/assets\/svg\/sprites.svg#it-arrow-right\"><\/use>\n                                    <\/svg>\n                                <\/a>\n                                                    <\/div>\n                    <\/div>\n                <\/div>\n                <!--end card-->\n                <\/div><!-- col-12 .mt-3-->\n                            <div class=\"col-12 mt-3\">\n                <!--start card-->\n                <div class=\"card-wrapper card-space\">\n                    <div class=\"card card-bg card-big border-bottom-card\">\n                        <div class=\"card-body \">\n                                                        <div class=\"category-top\">\n                                                                                                            <span class=\"\">\n                                        <svg class=\"icon icon-secondary\">\n                                            <use xlink:href=\"https:\/\/amblavana.esteri.it\/wp-content\/themes\/sedi-tema\/assets\/svg\/sprites.svg#it-calendar\"><\/use>\n                                        <\/svg> 29 abril 2026                                    <\/span>\n                                                                    <\/div>\n                            <h5 class=\"card-title big-heading text-uppercase\"><a class=\"text-body text-decoration-none\" href=\"https:\/\/amblavana.esteri.it\/es\/news\/dall_ambasciata\/2026\/04\/contratacion-de-n-1-empleada-o-con-contrato-a-tiempo-indeterminado-para-prestar-servicios-en-calidad-de-asistente-administrativo\/\" title=\"CONTRATACI\u00d3N DE N.1 EMPLEADA\/O CON CONTRATO A TIEMPO INDETERMINADO PARA PRESTAR SERVICIOS EN CALIDAD DE ASISTENTE ADMINISTRATIVO\">CONTRATACI\u00d3N DE N.1 EMPLEADA\/O CON CONTRATO A TIEMPO INDETERMINADO PARA PRESTAR SERVICIOS EN CALIDAD DE ASISTENTE ADMINISTRATIVO<\/a><\/h5>\n                            <p class=\"card-text\">La Embajada de Italia en la Habana ha publicado un procedimiento de selecci\u00f3n para la contrataci\u00f3n de n.1 empleada\/o para prestar servicios en calidad de Asistente Administrativo. La convocatoria del concurso se encuentra abajo haciendo clic en el documento adjunto n.1. Las solicitudes deber\u00e1n ser presentadas antes de las 23:59 horas del viernes 29 de [&hellip;]<\/p>\n                                <a title=\"CONTRATACI\u00d3N DE N.1 EMPLEADA\/O CON CONTRATO A TIEMPO INDETERMINADO PARA PRESTAR SERVICIOS EN CALIDAD DE ASISTENTE ADMINISTRATIVO\" class=\"read-more\" href=\"https:\/\/amblavana.esteri.it\/es\/news\/dall_ambasciata\/2026\/04\/contratacion-de-n-1-empleada-o-con-contrato-a-tiempo-indeterminado-para-prestar-servicios-en-calidad-de-asistente-administrativo\/\">\n                                    <span class=\"text\">Lee mas<\/span>\n                                    <svg class=\"icon\">\n                                    <use xlink:href=\"https:\/\/amblavana.esteri.it\/wp-content\/themes\/sedi-tema\/assets\/svg\/sprites.svg#it-arrow-right\"><\/use>\n                                    <\/svg>\n                                <\/a>\n                                                    <\/div>\n                    <\/div>\n                <\/div>\n                <!--end card-->\n                <\/div><!-- col-12 .mt-3-->\n                            <div class=\"col-12 mt-3\">\n                <!--start card-->\n                <div class=\"card-wrapper card-space\">\n                    <div class=\"card card-bg card-big border-bottom-card\">\n                        <div class=\"card-body \">\n                                                        <div class=\"category-top\">\n                                                                                                            <span class=\"\">\n                                        <svg class=\"icon icon-secondary\">\n                                            <use xlink:href=\"https:\/\/amblavana.esteri.it\/wp-content\/themes\/sedi-tema\/assets\/svg\/sprites.svg#it-calendar\"><\/use>\n                                        <\/svg> 22 abril 2026                                    <\/span>\n                                                                    <\/div>\n                            <h5 class=\"card-title big-heading text-uppercase\"><a class=\"text-body text-decoration-none\" href=\"https:\/\/amblavana.esteri.it\/es\/news\/dall_ambasciata\/2026\/04\/4364\/\" title=\"Contribuciones para visitas de investigadores, docentes, expertos, personalidades y operadores culturales\">Contribuciones para visitas de investigadores, docentes, expertos, personalidades y operadores culturales<\/a><\/h5>\n                            <p class=\"card-text\">La Oficina VI \u2013 DGCE del Ministerio de Asuntos Exteriores y de la Cooperaci\u00f3n Internacional otorga contribuciones destinadas a fomentar la realizaci\u00f3n en Italia y en el extranjero de misiones por parte de investigadores, docentes, expertos, personalidades del \u00e1mbito cultural y operadores culturales, italianos o extranjeros. El objetivo principal de dicha financiaci\u00f3n es favorecer el [&hellip;]<\/p>\n                                <a title=\"Contribuciones para visitas de investigadores, docentes, expertos, personalidades y operadores culturales\" class=\"read-more\" href=\"https:\/\/amblavana.esteri.it\/es\/news\/dall_ambasciata\/2026\/04\/4364\/\">\n                                    <span class=\"text\">Lee mas<\/span>\n                                    <svg class=\"icon\">\n                                    <use xlink:href=\"https:\/\/amblavana.esteri.it\/wp-content\/themes\/sedi-tema\/assets\/svg\/sprites.svg#it-arrow-right\"><\/use>\n                                    <\/svg>\n                                <\/a>\n                                                    <\/div>\n                    <\/div>\n                <\/div>\n                <!--end card-->\n                <\/div><!-- col-12 .mt-3-->\n                            <div class=\"col-12 mt-3\">\n                <!--start card-->\n                <div class=\"card-wrapper card-space\">\n                    <div class=\"card card-bg card-big border-bottom-card\">\n                        <div class=\"card-body \">\n                                                        <div class=\"category-top\">\n                                                                                                            <span class=\"\">\n                                        <svg class=\"icon icon-secondary\">\n                                            <use xlink:href=\"https:\/\/amblavana.esteri.it\/wp-content\/themes\/sedi-tema\/assets\/svg\/sprites.svg#it-calendar\"><\/use>\n                                        <\/svg> 17 marzo 2026                                    <\/span>\n                                                                    <\/div>\n                            <h5 class=\"card-title big-heading text-uppercase\"><a class=\"text-body text-decoration-none\" href=\"https:\/\/amblavana.esteri.it\/es\/news\/dall_ambasciata\/2026\/03\/convocatoria-de-seleccion-para-el-puesto-de-cocinero-a-en-la-residencia-de-la-embajadora\/\" title=\"CONVOCATORIA DE SELECCI\u00d3N PARA EL PUESTO DE COCINERO\/A EN LA RESIDENCIA DE LA EMBAJADORA\">CONVOCATORIA DE SELECCI\u00d3N PARA EL PUESTO DE COCINERO\/A EN LA RESIDENCIA DE LA EMBAJADORA<\/a><\/h5>\n                            <p class=\"card-text\">Puesto:\u00a0Cocinero\/a Lugar de trabajo:\u00a0Residencia de Italia en La Habana Tipo de contrato:\u00a0Tiempo completo \u2013 Contrato de duraci\u00f3n indefinida \u00a0 Descripci\u00f3n del puesto: La Embajada de Italia en La Habana busca un\/una cocinero\/a calificado\/a para la preparaci\u00f3n de comidas destinadas a eventos oficiales, recepciones y el servicio diario del personal diplom\u00e1tico. El\/la candidato\/a ideal posee excelentes [&hellip;]<\/p>\n                                <a title=\"CONVOCATORIA DE SELECCI\u00d3N PARA EL PUESTO DE COCINERO\/A EN LA RESIDENCIA DE LA EMBAJADORA\" class=\"read-more\" href=\"https:\/\/amblavana.esteri.it\/es\/news\/dall_ambasciata\/2026\/03\/convocatoria-de-seleccion-para-el-puesto-de-cocinero-a-en-la-residencia-de-la-embajadora\/\">\n                                    <span class=\"text\">Lee mas<\/span>\n                                    <svg class=\"icon\">\n                                    <use xlink:href=\"https:\/\/amblavana.esteri.it\/wp-content\/themes\/sedi-tema\/assets\/svg\/sprites.svg#it-arrow-right\"><\/use>\n                                    <\/svg>\n                                <\/a>\n                                                    <\/div>\n                    <\/div>\n                <\/div>\n                <!--end card-->\n                <\/div><!-- col-12 .mt-3-->\n                            <div class=\"col-12 mt-3\">\n                <!--start card-->\n                <div class=\"card-wrapper card-space\">\n                    <div class=\"card card-bg card-big border-bottom-card\">\n                        <div class=\"card-body \">\n                                                        <div class=\"category-top\">\n                                                                                                            <span class=\"\">\n                                        <svg class=\"icon icon-secondary\">\n                                            <use xlink:href=\"https:\/\/amblavana.esteri.it\/wp-content\/themes\/sedi-tema\/assets\/svg\/sprites.svg#it-calendar\"><\/use>\n                                        <\/svg> 13 marzo 2026                                    <\/span>\n                                                                    <\/div>\n                            <h5 class=\"card-title big-heading text-uppercase\"><a class=\"text-body text-decoration-none\" href=\"https:\/\/amblavana.esteri.it\/es\/news\/dall_ambasciata\/2026\/03\/convocatoria-para-la-asignacion-de-becas-ofrecidas-por-el-gobierno-italiano-a-estudiantes-extranjeros-y-a-italianos-residentes-en-el-exterior-ire-para-el-ano-academico-2026-2027\/\" title=\"Convocatoria para la asignaci\u00f3n de Becas ofrecidas por el gobierno italiano a estudiantes extranjeros y a italianos residentes en el exterior (IRE) para el a\u00f1o acad\u00e9mico 2026-2027\">Convocatoria para la asignaci\u00f3n de Becas ofrecidas por el gobierno italiano a estudiantes extranjeros y a italianos residentes en el exterior (IRE) para el a\u00f1o acad\u00e9mico 2026-2027<\/a><\/h5>\n                            <p class=\"card-text\">Se informa que en el portal Study in Italy se ha publicado la convocatoria para la asignaci\u00f3n de becas ofrecidas por el Gobierno italiano a estudiantes extranjeros y a ciudadanos italianos residentes en el exterior (IRE) para el a\u00f1o acad\u00e9mico 2026-2027. Las becas se ofrecen para realizar programas de estudio, formaci\u00f3n y\/o investigaci\u00f3n en instituciones [&hellip;]<\/p>\n                                <a title=\"Convocatoria para la asignaci\u00f3n de Becas ofrecidas por el gobierno italiano a estudiantes extranjeros y a italianos residentes en el exterior (IRE) para el a\u00f1o acad\u00e9mico 2026-2027\" class=\"read-more\" href=\"https:\/\/amblavana.esteri.it\/es\/news\/dall_ambasciata\/2026\/03\/convocatoria-para-la-asignacion-de-becas-ofrecidas-por-el-gobierno-italiano-a-estudiantes-extranjeros-y-a-italianos-residentes-en-el-exterior-ire-para-el-ano-academico-2026-2027\/\">\n                                    <span class=\"text\">Lee mas<\/span>\n                                    <svg class=\"icon\">\n                                    <use xlink:href=\"https:\/\/amblavana.esteri.it\/wp-content\/themes\/sedi-tema\/assets\/svg\/sprites.svg#it-arrow-right\"><\/use>\n                                    <\/svg>\n                                <\/a>\n                                                    <\/div>\n                    <\/div>\n                <\/div>\n                <!--end card-->\n                <\/div><!-- col-12 .mt-3-->\n                            <div class=\"col-12 mt-3\">\n                <!--start card-->\n                <div class=\"card-wrapper card-space\">\n                    <div class=\"card card-bg card-big border-bottom-card\">\n                        <div class=\"card-body \">\n                                                        <div class=\"category-top\">\n                                                                                                            <span class=\"\">\n                                        <svg class=\"icon icon-secondary\">\n                                            <use xlink:href=\"https:\/\/amblavana.esteri.it\/wp-content\/themes\/sedi-tema\/assets\/svg\/sprites.svg#it-calendar\"><\/use>\n                                        <\/svg> 12 marzo 2026                                    <\/span>\n                                                                    <\/div>\n                            <h5 class=\"card-title big-heading text-uppercase\"><a class=\"text-body text-decoration-none\" href=\"https:\/\/amblavana.esteri.it\/es\/news\/dall_ambasciata\/2026\/03\/prorroga-del-plazo-para-presentar-la-solicitud-para-adquirir-la-ciudadania-italiana-por-derecho-de-ley-a-los-hijos-de-ciudadanos-italianos-con-otra-nacionalidad\/\" title=\"Pr\u00f3rroga del plazo para presentar la solicitud para adquirir la ciudadan\u00eda italiana por derecho de ley a los hijos de ciudadanos italianos con otra nacionalidad.\">Pr\u00f3rroga del plazo para presentar la solicitud para adquirir la ciudadan\u00eda italiana por derecho de ley a los hijos de ciudadanos italianos con otra nacionalidad.<\/a><\/h5>\n                            <p class=\"card-text\">La ley n.26 del 28 de febrero de 2026 introdujo una novedad en materia de adquisici\u00f3n de la ciudadan\u00eda italiana por beneficio de ley. En particular, la ley ha dispuesto la pr\u00f3rroga del plazo previsto en el art\u00edculo 1, apartado 1-ter, del Decreto Ley n.\u00ba 36, de 28 de marzo de 2025, para poder presentar [&hellip;]<\/p>\n                                <a title=\"Pr\u00f3rroga del plazo para presentar la solicitud para adquirir la ciudadan\u00eda italiana por derecho de ley a los hijos de ciudadanos italianos con otra nacionalidad.\" class=\"read-more\" href=\"https:\/\/amblavana.esteri.it\/es\/news\/dall_ambasciata\/2026\/03\/prorroga-del-plazo-para-presentar-la-solicitud-para-adquirir-la-ciudadania-italiana-por-derecho-de-ley-a-los-hijos-de-ciudadanos-italianos-con-otra-nacionalidad\/\">\n                                    <span class=\"text\">Lee mas<\/span>\n                                    <svg class=\"icon\">\n                                    <use xlink:href=\"https:\/\/amblavana.esteri.it\/wp-content\/themes\/sedi-tema\/assets\/svg\/sprites.svg#it-arrow-right\"><\/use>\n                                    <\/svg>\n                                <\/a>\n                                                    <\/div>\n                    <\/div>\n                <\/div>\n                <!--end card-->\n                <\/div><!-- col-12 .mt-3-->\n                            <div class=\"col-12 mt-3\">\n                <!--start card-->\n                <div class=\"card-wrapper card-space\">\n                    <div class=\"card card-bg card-big border-bottom-card\">\n                        <div class=\"card-body \">\n                                                        <div class=\"category-top\">\n                                                                                                            <span class=\"\">\n                                        <svg class=\"icon icon-secondary\">\n                                            <use xlink:href=\"https:\/\/amblavana.esteri.it\/wp-content\/themes\/sedi-tema\/assets\/svg\/sprites.svg#it-calendar\"><\/use>\n                                        <\/svg> 4 marzo 2026                                    <\/span>\n                                                                    <\/div>\n                            <h5 class=\"card-title big-heading text-uppercase\"><a class=\"text-body text-decoration-none\" href=\"https:\/\/amblavana.esteri.it\/es\/news\/dall_ambasciata\/2026\/03\/premios-y-contribuciones-a-las-traducciones-de-obras-literarias-y-cientificas-y-a-la-reproduccion-doblaje-y-subtitulacion-en-lengua-extranjera-de-cortometrajes-largometrajes-y-series-televisivas-2\/\" title=\"Premios y contribuciones a las traducciones de obras literarias y cient\u00edficas, y a la reproducci\u00f3n, doblaje y subtitulaci\u00f3n en lengua extranjera de cortometrajes, largometrajes y series televisivas\">Premios y contribuciones a las traducciones de obras literarias y cient\u00edficas, y a la reproducci\u00f3n, doblaje y subtitulaci\u00f3n en lengua extranjera de cortometrajes, largometrajes y series televisivas<\/a><\/h5>\n                            <p class=\"card-text\">Est\u00e1 abierta la\u00a0convocatoria 2026 para solicitar premios y contribuciones proporcionados por el MAECI y destinados a: \u2022 Traducci\u00f3n y publicaci\u00f3n de obras literarias y cient\u00edficas italianas\u2022 Producci\u00f3n, doblaje y subtitulaci\u00f3n de pel\u00edculas, cortometrajes y series italianas Contribuciones y premios. \u00bfQui\u00e9n puede acceder? Editoriales, traductores, empresas de producci\u00f3n\/distribuci\u00f3n\/doblaje\/subtitulaci\u00f3n\/ instituciones culturales\/agentes y agencias literarias pueden presentar su [&hellip;]<\/p>\n                                <a title=\"Premios y contribuciones a las traducciones de obras literarias y cient\u00edficas, y a la reproducci\u00f3n, doblaje y subtitulaci\u00f3n en lengua extranjera de cortometrajes, largometrajes y series televisivas\" class=\"read-more\" href=\"https:\/\/amblavana.esteri.it\/es\/news\/dall_ambasciata\/2026\/03\/premios-y-contribuciones-a-las-traducciones-de-obras-literarias-y-cientificas-y-a-la-reproduccion-doblaje-y-subtitulacion-en-lengua-extranjera-de-cortometrajes-largometrajes-y-series-televisivas-2\/\">\n                                    <span class=\"text\">Lee mas<\/span>\n                                    <svg class=\"icon\">\n                                    <use xlink:href=\"https:\/\/amblavana.esteri.it\/wp-content\/themes\/sedi-tema\/assets\/svg\/sprites.svg#it-arrow-right\"><\/use>\n                                    <\/svg>\n                                <\/a>\n                                                    <\/div>\n                    <\/div>\n                <\/div>\n                <!--end card-->\n                <\/div><!-- col-12 .mt-3-->\n                            <div class=\"col-12 mt-3\">\n                <!--start card-->\n                <div class=\"card-wrapper card-space\">\n                    <div class=\"card card-bg card-big border-bottom-card\">\n                        <div class=\"card-body \">\n                                                        <div class=\"category-top\">\n                                                                                                            <span class=\"\">\n                                        <svg class=\"icon icon-secondary\">\n                                            <use xlink:href=\"https:\/\/amblavana.esteri.it\/wp-content\/themes\/sedi-tema\/assets\/svg\/sprites.svg#it-calendar\"><\/use>\n                                        <\/svg> 2 marzo 2026                                    <\/span>\n                                                                    <\/div>\n                            <h5 class=\"card-title big-heading text-uppercase\"><a class=\"text-body text-decoration-none\" href=\"https:\/\/amblavana.esteri.it\/es\/news\/dall_ambasciata\/2026\/03\/aviso-de-seleccion-para-un-a-empleado-a-ejecutivo-a-con-perfil-de-encargado-a-del-servicio-de-secretaria-a-tiempo-determinado\/\" title=\"Aviso de selecci\u00f3n para un\/a empleado\/a ejecutivo\/a con perfil de \u00abEncargado\/a del Servicio de Secretar\u00eda\u00bb a tiempo determinado\">Aviso de selecci\u00f3n para un\/a empleado\/a ejecutivo\/a con perfil de \u00abEncargado\/a del Servicio de Secretar\u00eda\u00bb a tiempo determinado<\/a><\/h5>\n                            <p class=\"card-text\">Convocatoria de Selecci\u00f3n Referencias normativas 01-CU-2026 &#8211; Aviso de selecci\u00f3n para un\/a empleado\/a ejecutivo\/a con perfil de \u00abEncargado\/a del Servicio de Secretar\u00eda\u00bb a tiempo determinado (art. 153 del DPR 5 de enero de 1967 n. 18) Fecha de publicaci\u00f3n: 23-02-2026 Fecha de vencimiento: 10-03-2026 Oficina de referencia: Sede de La Habana &#8211; Cuba Archivos adjuntos: [&hellip;]<\/p>\n                                <a title=\"Aviso de selecci\u00f3n para un\/a empleado\/a ejecutivo\/a con perfil de \u00abEncargado\/a del Servicio de Secretar\u00eda\u00bb a tiempo determinado\" class=\"read-more\" href=\"https:\/\/amblavana.esteri.it\/es\/news\/dall_ambasciata\/2026\/03\/aviso-de-seleccion-para-un-a-empleado-a-ejecutivo-a-con-perfil-de-encargado-a-del-servicio-de-secretaria-a-tiempo-determinado\/\">\n                                    <span class=\"text\">Lee mas<\/span>\n                                    <svg class=\"icon\">\n                                    <use xlink:href=\"https:\/\/amblavana.esteri.it\/wp-content\/themes\/sedi-tema\/assets\/svg\/sprites.svg#it-arrow-right\"><\/use>\n                                    <\/svg>\n                                <\/a>\n                                                    <\/div>\n                    <\/div>\n                <\/div>\n                <!--end card-->\n                <\/div><!-- col-12 .mt-3-->\n            \n            <div class=\"col-md-12 mt-4 pb-4\">\n                <nav class=\"navigation col-md-12\" aria-label=\"Navigation\">\n                    <h2 class=\"screen-reader-text visually-hidden\">Paginaci\u00f3n<\/h2>\n                    <div class=\"nav-links\">\n                    <span aria-current=\"page\" class=\"page-numbers current\">1<\/span>\n<a class=\"page-numbers\" href=\"https:\/\/amblavana.esteri.it\/es\/wp-json\/wp\/v2\/pages\/191\/?pag=2\">2<\/a>\n<a class=\"page-numbers\" href=\"https:\/\/amblavana.esteri.it\/es\/wp-json\/wp\/v2\/pages\/191\/?pag=3\">3<\/a>\n<span class=\"page-numbers dots\">&hellip;<\/span>\n<a class=\"page-numbers\" href=\"https:\/\/amblavana.esteri.it\/es\/wp-json\/wp\/v2\/pages\/191\/?pag=22\">22<\/a>\n<a class=\"next page-numbers\" href=\"https:\/\/amblavana.esteri.it\/es\/wp-json\/wp\/v2\/pages\/191\/?pag=2\"><svg class=\"icon icon-primary\"><use xlink:href=\"https:\/\/amblavana.esteri.it\/wp-content\/themes\/sedi-tema\/assets\/svg\/sprites.svg#it-chevron-right\"><\/use><\/svg>\n                                    <span class=\"visually-hidden\">Siguiente p\u00e1gina<\/span><\/a>                    <\/div>\n                <\/nav>\n            <\/div>   <!--.col-md-12 -->\n              <\/div><!--.row -->\n              \n","protected":false},"excerpt":{"rendered":"","protected":false},"author":1,"featured_media":0,"parent":0,"menu_order":8,"comment_status":"closed","ping_status":"closed","template":"","meta":{"footnotes":""},"class_list":["post-191","page","type-page","status-publish","hentry"],"_links":{"self":[{"href":"https:\/\/amblavana.esteri.it\/es\/wp-json\/wp\/v2\/pages\/191","targetHints":{"allow":["GET"]}}],"collection":[{"href":"https:\/\/amblavana.esteri.it\/es\/wp-json\/wp\/v2\/pages"}],"about":[{"href":"https:\/\/amblavana.esteri.it\/es\/wp-json\/wp\/v2\/types\/page"}],"author":[{"embeddable":true,"href":"https:\/\/amblavana.esteri.it\/es\/wp-json\/wp\/v2\/users\/1"}],"replies":[{"embeddable":true,"href":"https:\/\/amblavana.esteri.it\/es\/wp-json\/wp\/v2\/comments?post=191"}],"version-history":[{"count":1,"href":"https:\/\/amblavana.esteri.it\/es\/wp-json\/wp\/v2\/pages\/191\/revisions"}],"predecessor-version":[{"id":193,"href":"https:\/\/amblavana.esteri.it\/es\/wp-json\/wp\/v2\/pages\/191\/revisions\/193"}],"wp:attachment":[{"href":"https:\/\/amblavana.esteri.it\/es\/wp-json\/wp\/v2\/media?parent=191"}],"curies":[{"name":"wp","href":"https:\/\/api.w.org\/{rel}","templated":true}]}}